{"id":964,"date":"2023-10-05T09:30:58","date_gmt":"2023-10-05T07:30:58","guid":{"rendered":"https:\/\/www.kottonera.mt\/?post_type=mec-events&#038;p=964"},"modified":"2023-10-05T09:46:34","modified_gmt":"2023-10-05T07:46:34","slug":"jum-il-kottonera-2023","status":"publish","type":"mec-events","link":"https:\/\/www.kottonera.mt\/mt\/events\/jum-il-kottonera-2023\/","title":{"rendered":"Jum il-Kottonera 2023"},"content":{"rendered":"<p><img fetchpriority=\"high\" decoding=\"async\" class=\"wp-image-967 alignleft\" src=\"https:\/\/www.kottonera.mt\/wp-content\/uploads\/2023\/10\/2310_FBBanner-300x111.png\" alt=\"\" width=\"497\" height=\"184\" srcset=\"https:\/\/www.kottonera.mt\/wp-content\/uploads\/2023\/10\/2310_FBBanner-300x111.png 300w, https:\/\/www.kottonera.mt\/wp-content\/uploads\/2023\/10\/2310_FBBanner-1024x379.png 1024w, https:\/\/www.kottonera.mt\/wp-content\/uploads\/2023\/10\/2310_FBBanner-768x284.png 768w, https:\/\/www.kottonera.mt\/wp-content\/uploads\/2023\/10\/2310_FBBanner-1536x569.png 1536w, https:\/\/www.kottonera.mt\/wp-content\/uploads\/2023\/10\/2310_FBBanner.png 1833w\" sizes=\"(max-width: 497px) 100vw, 497px\" \/><\/p>\n<p>&nbsp;<\/p>\n<p>B\u0127ala parti mi\u010b-\u010belebrazzjonijiet ta\u2019 Jum il-Kottonera, il-Fondazzjoni Kottonera se ter\u0121a\u2019 torganizza Kun\u010bert ta\u2019 Mu\u017cika Sagra. Il-Kun\u010bert ta\u2019 Mu\u017cika Sagra ser jittella\u2019 it-Tnejn 23 ta\u2019 Ottubru fis-7.30pm, fil-Knisja Parrokjali ta&#8217; San \u0120u\u017cepp, il-Kalkara.<\/p>\n<p>Dan il-kun\u010bert se jkun immexxi mid-direttur tal-orkestra, is-surmast Ray Sciberras. Il-mu\u017cika sagra li ser ti\u0121i e\u017cegwita waqt dan il-kun\u010bert hi xog\u0127ol ta\u2019 kompo\u017cituri mwielda fil-Kottonera jew maestri di cappella li servew fil-Parro\u010b\u010bi rispettivi tag\u0127ha.<\/p>\n","protected":false},"excerpt":{"rendered":"<p>&nbsp; B\u0127ala parti mi\u010b-\u010belebrazzjonijiet ta\u2019 Jum il-Kottonera, il-Fondazzjoni Kottonera se ter\u0121a\u2019 torganizza Kun\u010bert ta\u2019 Mu\u017cika Sagra. Il-Kun\u010bert ta\u2019 Mu\u017cika Sagra ser jittella\u2019 it-Tnejn 23 ta\u2019 Ottubru fis-7.30pm, fil-Knisja Parrokjali ta&#8217; San \u0120u\u017cepp, il-Kalkara. Dan il-kun\u010bert se jkun immexxi mid-direttur tal-orkestra, is-surmast Ray Sciberras. Il-mu\u017cika sagra li ser ti\u0121i e\u017cegwita waqt dan il-kun\u010bert hi xog\u0127ol ta\u2019 [&hellip;]<\/p>\n","protected":false},"author":2,"featured_media":962,"template":"","tags":[],"mec_category":[],"class_list":["post-964","mec-events","type-mec-events","status-publish","has-post-thumbnail","hentry"],"acf":[],"yoast_head":"<!-- This site is optimized with the Yoast SEO plugin v27.5 - https:\/\/yoast.com\/product\/yoast-seo-wordpress\/ -->\n<title>Jum il-Kottonera 2023 - Fondazzjoni Kottonera<\/title>\n<meta name=\"robots\" content=\"index, follow, max-snippet:-1, max-image-preview:large, max-video-preview:-1\" \/>\n<link rel=\"canonical\" href=\"https:\/\/www.kottonera.mt\/mt\/events\/jum-il-kottonera-2023\/\" \/>\n<meta property=\"og:locale\" content=\"mt_MT\" \/>\n<meta property=\"og:type\" content=\"article\" \/>\n<meta property=\"og:title\" content=\"Jum il-Kottonera 2023 - Fondazzjoni Kottonera\" \/>\n<meta property=\"og:description\" content=\"&nbsp; B\u0127ala parti mi\u010b-\u010belebrazzjonijiet ta\u2019 Jum il-Kottonera, il-Fondazzjoni Kottonera se ter\u0121a\u2019 torganizza Kun\u010bert ta\u2019 Mu\u017cika Sagra. Il-Kun\u010bert ta\u2019 Mu\u017cika Sagra ser jittella\u2019 it-Tnejn 23 ta\u2019 Ottubru fis-7.30pm, fil-Knisja Parrokjali ta&#8217; San \u0120u\u017cepp, il-Kalkara. Dan il-kun\u010bert se jkun immexxi mid-direttur tal-orkestra, is-surmast Ray Sciberras. Il-mu\u017cika sagra li ser ti\u0121i e\u017cegwita waqt dan il-kun\u010bert hi xog\u0127ol ta\u2019 [&hellip;]\" \/>\n<meta property=\"og:url\" content=\"https:\/\/www.kottonera.mt\/mt\/events\/jum-il-kottonera-2023\/\" \/>\n<meta property=\"og:site_name\" content=\"Fondazzjoni Kottonera\" \/>\n<meta property=\"article:modified_time\" content=\"2023-10-05T07:46:34+00:00\" \/>\n<meta property=\"og:image\" content=\"https:\/\/www.kottonera.mt\/wp-content\/uploads\/2023\/10\/2310_FBPost_1-2-1024x1024.png\" \/>\n\t<meta property=\"og:image:width\" content=\"1024\" \/>\n\t<meta property=\"og:image:height\" content=\"1024\" \/>\n\t<meta property=\"og:image:type\" content=\"image\/png\" \/>\n<meta name=\"twitter:card\" content=\"summary_large_image\" \/>\n<meta name=\"twitter:label1\" content=\"Est. reading time\" \/>\n\t<meta name=\"twitter:data1\" content=\"1 minute\" \/>\n<script type=\"application\/ld+json\" class=\"yoast-schema-graph\">{\"@context\":\"https:\\\/\\\/schema.org\",\"@graph\":[{\"@type\":\"WebPage\",\"@id\":\"https:\\\/\\\/www.kottonera.mt\\\/mt\\\/events\\\/jum-il-kottonera-2023\\\/\",\"url\":\"https:\\\/\\\/www.kottonera.mt\\\/mt\\\/events\\\/jum-il-kottonera-2023\\\/\",\"name\":\"Jum il-Kottonera 2023 - Fondazzjoni Kottonera\",\"isPartOf\":{\"@id\":\"https:\\\/\\\/www.kottonera.mt\\\/mt\\\/#website\"},\"primaryImageOfPage\":{\"@id\":\"https:\\\/\\\/www.kottonera.mt\\\/mt\\\/events\\\/jum-il-kottonera-2023\\\/#primaryimage\"},\"image\":{\"@id\":\"https:\\\/\\\/www.kottonera.mt\\\/mt\\\/events\\\/jum-il-kottonera-2023\\\/#primaryimage\"},\"thumbnailUrl\":\"https:\\\/\\\/www.kottonera.mt\\\/wp-content\\\/uploads\\\/2023\\\/10\\\/2310_FBPost_1-2.png\",\"datePublished\":\"2023-10-05T07:30:58+00:00\",\"dateModified\":\"2023-10-05T07:46:34+00:00\",\"breadcrumb\":{\"@id\":\"https:\\\/\\\/www.kottonera.mt\\\/mt\\\/events\\\/jum-il-kottonera-2023\\\/#breadcrumb\"},\"inLanguage\":\"mt-MT\",\"potentialAction\":[{\"@type\":\"ReadAction\",\"target\":[\"https:\\\/\\\/www.kottonera.mt\\\/mt\\\/events\\\/jum-il-kottonera-2023\\\/\"]}]},{\"@type\":\"ImageObject\",\"inLanguage\":\"mt-MT\",\"@id\":\"https:\\\/\\\/www.kottonera.mt\\\/mt\\\/events\\\/jum-il-kottonera-2023\\\/#primaryimage\",\"url\":\"https:\\\/\\\/www.kottonera.mt\\\/wp-content\\\/uploads\\\/2023\\\/10\\\/2310_FBPost_1-2.png\",\"contentUrl\":\"https:\\\/\\\/www.kottonera.mt\\\/wp-content\\\/uploads\\\/2023\\\/10\\\/2310_FBPost_1-2.png\",\"width\":2584,\"height\":2584,\"caption\":\"Jum Il-Kottonera concert event 2023\"},{\"@type\":\"BreadcrumbList\",\"@id\":\"https:\\\/\\\/www.kottonera.mt\\\/mt\\\/events\\\/jum-il-kottonera-2023\\\/#breadcrumb\",\"itemListElement\":[{\"@type\":\"ListItem\",\"position\":1,\"name\":\"Home\",\"item\":\"https:\\\/\\\/www.kottonera.mt\\\/mt\\\/\"},{\"@type\":\"ListItem\",\"position\":2,\"name\":\"Events\",\"item\":\"https:\\\/\\\/www.kottonera.mt\\\/mt\\\/events\\\/\"},{\"@type\":\"ListItem\",\"position\":3,\"name\":\"Jum il-Kottonera 2023\"}]},{\"@type\":\"WebSite\",\"@id\":\"https:\\\/\\\/www.kottonera.mt\\\/mt\\\/#website\",\"url\":\"https:\\\/\\\/www.kottonera.mt\\\/mt\\\/\",\"name\":\"Fondazzjoni Kottonera\",\"description\":\"\",\"publisher\":{\"@id\":\"https:\\\/\\\/www.kottonera.mt\\\/mt\\\/#organization\"},\"potentialAction\":[{\"@type\":\"SearchAction\",\"target\":{\"@type\":\"EntryPoint\",\"urlTemplate\":\"https:\\\/\\\/www.kottonera.mt\\\/mt\\\/?s={search_term_string}\"},\"query-input\":{\"@type\":\"PropertyValueSpecification\",\"valueRequired\":true,\"valueName\":\"search_term_string\"}}],\"inLanguage\":\"mt-MT\"},{\"@type\":\"Organization\",\"@id\":\"https:\\\/\\\/www.kottonera.mt\\\/mt\\\/#organization\",\"name\":\"Fondazzjoni Kottonera\",\"url\":\"https:\\\/\\\/www.kottonera.mt\\\/mt\\\/\",\"logo\":{\"@type\":\"ImageObject\",\"inLanguage\":\"mt-MT\",\"@id\":\"https:\\\/\\\/www.kottonera.mt\\\/mt\\\/#\\\/schema\\\/logo\\\/image\\\/\",\"url\":\"https:\\\/\\\/www.kottonera.mt\\\/wp-content\\\/uploads\\\/2021\\\/12\\\/Kottonera-Foundation-logo-mt.png\",\"contentUrl\":\"https:\\\/\\\/www.kottonera.mt\\\/wp-content\\\/uploads\\\/2021\\\/12\\\/Kottonera-Foundation-logo-mt.png\",\"width\":800,\"height\":392,\"caption\":\"Fondazzjoni Kottonera\"},\"image\":{\"@id\":\"https:\\\/\\\/www.kottonera.mt\\\/mt\\\/#\\\/schema\\\/logo\\\/image\\\/\"}}]}<\/script>\n<!-- \/ Yoast SEO plugin. -->","yoast_head_json":{"title":"Jum il-Kottonera 2023 - Fondazzjoni Kottonera","robots":{"index":"index","follow":"follow","max-snippet":"max-snippet:-1","max-image-preview":"max-image-preview:large","max-video-preview":"max-video-preview:-1"},"canonical":"https:\/\/www.kottonera.mt\/mt\/events\/jum-il-kottonera-2023\/","og_locale":"mt_MT","og_type":"article","og_title":"Jum il-Kottonera 2023 - Fondazzjoni Kottonera","og_description":"&nbsp; B\u0127ala parti mi\u010b-\u010belebrazzjonijiet ta\u2019 Jum il-Kottonera, il-Fondazzjoni Kottonera se ter\u0121a\u2019 torganizza Kun\u010bert ta\u2019 Mu\u017cika Sagra. Il-Kun\u010bert ta\u2019 Mu\u017cika Sagra ser jittella\u2019 it-Tnejn 23 ta\u2019 Ottubru fis-7.30pm, fil-Knisja Parrokjali ta&#8217; San \u0120u\u017cepp, il-Kalkara. Dan il-kun\u010bert se jkun immexxi mid-direttur tal-orkestra, is-surmast Ray Sciberras. Il-mu\u017cika sagra li ser ti\u0121i e\u017cegwita waqt dan il-kun\u010bert hi xog\u0127ol ta\u2019 [&hellip;]","og_url":"https:\/\/www.kottonera.mt\/mt\/events\/jum-il-kottonera-2023\/","og_site_name":"Fondazzjoni Kottonera","article_modified_time":"2023-10-05T07:46:34+00:00","og_image":[{"width":1024,"height":1024,"url":"https:\/\/www.kottonera.mt\/wp-content\/uploads\/2023\/10\/2310_FBPost_1-2-1024x1024.png","type":"image\/png"}],"twitter_card":"summary_large_image","twitter_misc":{"Est. reading time":"1 minute"},"schema":{"@context":"https:\/\/schema.org","@graph":[{"@type":"WebPage","@id":"https:\/\/www.kottonera.mt\/mt\/events\/jum-il-kottonera-2023\/","url":"https:\/\/www.kottonera.mt\/mt\/events\/jum-il-kottonera-2023\/","name":"Jum il-Kottonera 2023 - Fondazzjoni Kottonera","isPartOf":{"@id":"https:\/\/www.kottonera.mt\/mt\/#website"},"primaryImageOfPage":{"@id":"https:\/\/www.kottonera.mt\/mt\/events\/jum-il-kottonera-2023\/#primaryimage"},"image":{"@id":"https:\/\/www.kottonera.mt\/mt\/events\/jum-il-kottonera-2023\/#primaryimage"},"thumbnailUrl":"https:\/\/www.kottonera.mt\/wp-content\/uploads\/2023\/10\/2310_FBPost_1-2.png","datePublished":"2023-10-05T07:30:58+00:00","dateModified":"2023-10-05T07:46:34+00:00","breadcrumb":{"@id":"https:\/\/www.kottonera.mt\/mt\/events\/jum-il-kottonera-2023\/#breadcrumb"},"inLanguage":"mt-MT","potentialAction":[{"@type":"ReadAction","target":["https:\/\/www.kottonera.mt\/mt\/events\/jum-il-kottonera-2023\/"]}]},{"@type":"ImageObject","inLanguage":"mt-MT","@id":"https:\/\/www.kottonera.mt\/mt\/events\/jum-il-kottonera-2023\/#primaryimage","url":"https:\/\/www.kottonera.mt\/wp-content\/uploads\/2023\/10\/2310_FBPost_1-2.png","contentUrl":"https:\/\/www.kottonera.mt\/wp-content\/uploads\/2023\/10\/2310_FBPost_1-2.png","width":2584,"height":2584,"caption":"Jum Il-Kottonera concert event 2023"},{"@type":"BreadcrumbList","@id":"https:\/\/www.kottonera.mt\/mt\/events\/jum-il-kottonera-2023\/#breadcrumb","itemListElement":[{"@type":"ListItem","position":1,"name":"Home","item":"https:\/\/www.kottonera.mt\/mt\/"},{"@type":"ListItem","position":2,"name":"Events","item":"https:\/\/www.kottonera.mt\/mt\/events\/"},{"@type":"ListItem","position":3,"name":"Jum il-Kottonera 2023"}]},{"@type":"WebSite","@id":"https:\/\/www.kottonera.mt\/mt\/#website","url":"https:\/\/www.kottonera.mt\/mt\/","name":"Fondazzjoni Kottonera","description":"","publisher":{"@id":"https:\/\/www.kottonera.mt\/mt\/#organization"},"potentialAction":[{"@type":"SearchAction","target":{"@type":"EntryPoint","urlTemplate":"https:\/\/www.kottonera.mt\/mt\/?s={search_term_string}"},"query-input":{"@type":"PropertyValueSpecification","valueRequired":true,"valueName":"search_term_string"}}],"inLanguage":"mt-MT"},{"@type":"Organization","@id":"https:\/\/www.kottonera.mt\/mt\/#organization","name":"Fondazzjoni Kottonera","url":"https:\/\/www.kottonera.mt\/mt\/","logo":{"@type":"ImageObject","inLanguage":"mt-MT","@id":"https:\/\/www.kottonera.mt\/mt\/#\/schema\/logo\/image\/","url":"https:\/\/www.kottonera.mt\/wp-content\/uploads\/2021\/12\/Kottonera-Foundation-logo-mt.png","contentUrl":"https:\/\/www.kottonera.mt\/wp-content\/uploads\/2021\/12\/Kottonera-Foundation-logo-mt.png","width":800,"height":392,"caption":"Fondazzjoni Kottonera"},"image":{"@id":"https:\/\/www.kottonera.mt\/mt\/#\/schema\/logo\/image\/"}}]}},"_links":{"self":[{"href":"https:\/\/www.kottonera.mt\/mt\/wp-json\/wp\/v2\/mec-events\/964","targetHints":{"allow":["GET"]}}],"collection":[{"href":"https:\/\/www.kottonera.mt\/mt\/wp-json\/wp\/v2\/mec-events"}],"about":[{"href":"https:\/\/www.kottonera.mt\/mt\/wp-json\/wp\/v2\/types\/mec-events"}],"author":[{"embeddable":true,"href":"https:\/\/www.kottonera.mt\/mt\/wp-json\/wp\/v2\/users\/2"}],"version-history":[{"count":0,"href":"https:\/\/www.kottonera.mt\/mt\/wp-json\/wp\/v2\/mec-events\/964\/revisions"}],"wp:featuredmedia":[{"embeddable":true,"href":"https:\/\/www.kottonera.mt\/mt\/wp-json\/wp\/v2\/media\/962"}],"wp:attachment":[{"href":"https:\/\/www.kottonera.mt\/mt\/wp-json\/wp\/v2\/media?parent=964"}],"wp:term":[{"taxonomy":"post_tag","embeddable":true,"href":"https:\/\/www.kottonera.mt\/mt\/wp-json\/wp\/v2\/tags?post=964"},{"taxonomy":"mec_category","embeddable":true,"href":"https:\/\/www.kottonera.mt\/mt\/wp-json\/wp\/v2\/mec_category?post=964"}],"curies":[{"name":"wp","href":"https:\/\/api.w.org\/{rel}","templated":true}]}}