{"id":863,"date":"2022-10-04T10:22:07","date_gmt":"2022-10-04T08:22:07","guid":{"rendered":"https:\/\/www.kottonera.mt\/?post_type=mec-events&#038;p=863"},"modified":"2022-10-04T10:22:54","modified_gmt":"2022-10-04T08:22:54","slug":"kuncert-ta-muzika-sagra-2","status":"publish","type":"mec-events","link":"https:\/\/www.kottonera.mt\/mt\/events\/kuncert-ta-muzika-sagra-2\/","title":{"rendered":"Kun\u010bert ta\u2019 Mu\u017cika Sagra 2022"},"content":{"rendered":"<p><img fetchpriority=\"high\" decoding=\"async\" class=\"alignnone size-medium wp-image-862\" src=\"https:\/\/www.kottonera.mt\/wp-content\/uploads\/2022\/10\/1868-Kottonera-Sacred-Music-Concert-Design_FB-Post-and-Cover_v2_1421_FBPost_1-300x300.png\" alt=\"\" width=\"300\" height=\"300\" srcset=\"https:\/\/www.kottonera.mt\/wp-content\/uploads\/2022\/10\/1868-Kottonera-Sacred-Music-Concert-Design_FB-Post-and-Cover_v2_1421_FBPost_1-300x300.png 300w, https:\/\/www.kottonera.mt\/wp-content\/uploads\/2022\/10\/1868-Kottonera-Sacred-Music-Concert-Design_FB-Post-and-Cover_v2_1421_FBPost_1-1024x1024.png 1024w, https:\/\/www.kottonera.mt\/wp-content\/uploads\/2022\/10\/1868-Kottonera-Sacred-Music-Concert-Design_FB-Post-and-Cover_v2_1421_FBPost_1-150x150.png 150w, https:\/\/www.kottonera.mt\/wp-content\/uploads\/2022\/10\/1868-Kottonera-Sacred-Music-Concert-Design_FB-Post-and-Cover_v2_1421_FBPost_1-768x768.png 768w, https:\/\/www.kottonera.mt\/wp-content\/uploads\/2022\/10\/1868-Kottonera-Sacred-Music-Concert-Design_FB-Post-and-Cover_v2_1421_FBPost_1-1536x1536.png 1536w, https:\/\/www.kottonera.mt\/wp-content\/uploads\/2022\/10\/1868-Kottonera-Sacred-Music-Concert-Design_FB-Post-and-Cover_v2_1421_FBPost_1-2048x2048.png 2048w, https:\/\/www.kottonera.mt\/wp-content\/uploads\/2022\/10\/1868-Kottonera-Sacred-Music-Concert-Design_FB-Post-and-Cover_v2_1421_FBPost_1-600x600.png 600w\" sizes=\"(max-width: 300px) 100vw, 300px\" \/><\/p>\n<p>B\u0127ala parti mi\u010b-\u010belebrazzjonijiet ta\u2019 Jum il-Kottonera, il-Fondazzjoni Kottonera se ter\u0121a\u2019 torganizza Kun\u010bert ta\u2019 Mu\u017cika Sagra. Il-Kun\u010bert ta\u2019 Mu\u017cika Sagra ser jittella\u2019 il-\u0120img\u0127a 21 ta\u2019 Ottubru fis-7.30pm, \u0121ewwa l-Knisja Matri\u010bi Konventwali u Kolle\u0121jata Insinji ta\u2019 San Lawrenz\u00a0 L.M. tal-Belt Vittoriosa.<\/p>\n<p>Dan il-kun\u010bert se jkun immexxi mid-direttur tal-orkestra, is-surmast Ray Sciberras. Il-mu\u017cika sagra li ser ti\u0121i e\u017cegwita waqt dan il-kun\u010bert hi xog\u0127ol ta\u2019 kompo\u017cituri mwielda fil-Kottonera jew maestri di cappella li servew fil-Parro\u010b\u010bi rispettivi tag\u0127ha.<\/p>\n","protected":false},"excerpt":{"rendered":"<p>B\u0127ala parti mi\u010b-\u010belebrazzjonijiet ta\u2019 Jum il-Kottonera, il-Fondazzjoni Kottonera se ter\u0121a\u2019 torganizza Kun\u010bert ta\u2019 Mu\u017cika Sagra. Il-Kun\u010bert ta\u2019 Mu\u017cika Sagra ser jittella\u2019 il-\u0120img\u0127a 21 ta\u2019 Ottubru fis-7.30pm, \u0121ewwa l-Knisja Matri\u010bi Konventwali u Kolle\u0121jata Insinji ta\u2019 San Lawrenz\u00a0 L.M. tal-Belt Vittoriosa. Dan il-kun\u010bert se jkun immexxi mid-direttur tal-orkestra, is-surmast Ray Sciberras. Il-mu\u017cika sagra li ser ti\u0121i e\u017cegwita [&hellip;]<\/p>\n","protected":false},"author":2,"featured_media":861,"template":"","tags":[],"mec_category":[],"class_list":["post-863","mec-events","type-mec-events","status-publish","has-post-thumbnail","hentry"],"acf":[],"yoast_head":"<!-- This site is optimized with the Yoast SEO plugin v27.5 - https:\/\/yoast.com\/product\/yoast-seo-wordpress\/ -->\n<title>Kun\u010bert ta\u2019 Mu\u017cika Sagra 2022 - Fondazzjoni Kottonera<\/title>\n<meta name=\"robots\" content=\"index, follow, max-snippet:-1, max-image-preview:large, max-video-preview:-1\" \/>\n<link rel=\"canonical\" href=\"https:\/\/www.kottonera.mt\/mt\/events\/kuncert-ta-muzika-sagra-2\/\" \/>\n<meta property=\"og:locale\" content=\"mt_MT\" \/>\n<meta property=\"og:type\" content=\"article\" \/>\n<meta property=\"og:title\" content=\"Kun\u010bert ta\u2019 Mu\u017cika Sagra 2022 - Fondazzjoni Kottonera\" \/>\n<meta property=\"og:description\" content=\"B\u0127ala parti mi\u010b-\u010belebrazzjonijiet ta\u2019 Jum il-Kottonera, il-Fondazzjoni Kottonera se ter\u0121a\u2019 torganizza Kun\u010bert ta\u2019 Mu\u017cika Sagra. Il-Kun\u010bert ta\u2019 Mu\u017cika Sagra ser jittella\u2019 il-\u0120img\u0127a 21 ta\u2019 Ottubru fis-7.30pm, \u0121ewwa l-Knisja Matri\u010bi Konventwali u Kolle\u0121jata Insinji ta\u2019 San Lawrenz\u00a0 L.M. tal-Belt Vittoriosa. Dan il-kun\u010bert se jkun immexxi mid-direttur tal-orkestra, is-surmast Ray Sciberras. Il-mu\u017cika sagra li ser ti\u0121i e\u017cegwita [&hellip;]\" \/>\n<meta property=\"og:url\" content=\"https:\/\/www.kottonera.mt\/mt\/events\/kuncert-ta-muzika-sagra-2\/\" \/>\n<meta property=\"og:site_name\" content=\"Fondazzjoni Kottonera\" \/>\n<meta property=\"article:modified_time\" content=\"2022-10-04T08:22:54+00:00\" \/>\n<meta property=\"og:image\" content=\"https:\/\/www.kottonera.mt\/wp-content\/uploads\/2022\/10\/1868-Kottonera-Sacred-Music-Concert-Design_FB-Post-and-Cover_v2_1421_FBPost_1-1024x1024.png\" \/>\n\t<meta property=\"og:image:width\" content=\"1024\" \/>\n\t<meta property=\"og:image:height\" content=\"1024\" \/>\n\t<meta property=\"og:image:type\" content=\"image\/png\" \/>\n<meta name=\"twitter:card\" content=\"summary_large_image\" \/>\n<meta name=\"twitter:label1\" content=\"Est. reading time\" \/>\n\t<meta name=\"twitter:data1\" content=\"1 minute\" \/>\n<script type=\"application\/ld+json\" class=\"yoast-schema-graph\">{\"@context\":\"https:\\\/\\\/schema.org\",\"@graph\":[{\"@type\":\"WebPage\",\"@id\":\"https:\\\/\\\/www.kottonera.mt\\\/mt\\\/events\\\/kuncert-ta-muzika-sagra-2\\\/\",\"url\":\"https:\\\/\\\/www.kottonera.mt\\\/mt\\\/events\\\/kuncert-ta-muzika-sagra-2\\\/\",\"name\":\"Kun\u010bert ta\u2019 Mu\u017cika Sagra 2022 - Fondazzjoni Kottonera\",\"isPartOf\":{\"@id\":\"https:\\\/\\\/www.kottonera.mt\\\/mt\\\/#website\"},\"primaryImageOfPage\":{\"@id\":\"https:\\\/\\\/www.kottonera.mt\\\/mt\\\/events\\\/kuncert-ta-muzika-sagra-2\\\/#primaryimage\"},\"image\":{\"@id\":\"https:\\\/\\\/www.kottonera.mt\\\/mt\\\/events\\\/kuncert-ta-muzika-sagra-2\\\/#primaryimage\"},\"thumbnailUrl\":\"https:\\\/\\\/www.kottonera.mt\\\/wp-content\\\/uploads\\\/2022\\\/10\\\/1868-Kottonera-Sacred-Music-Concert-Design_FB-Post-and-Cover_v2_1421_FBPost_1.png\",\"datePublished\":\"2022-10-04T08:22:07+00:00\",\"dateModified\":\"2022-10-04T08:22:54+00:00\",\"breadcrumb\":{\"@id\":\"https:\\\/\\\/www.kottonera.mt\\\/mt\\\/events\\\/kuncert-ta-muzika-sagra-2\\\/#breadcrumb\"},\"inLanguage\":\"mt-MT\",\"potentialAction\":[{\"@type\":\"ReadAction\",\"target\":[\"https:\\\/\\\/www.kottonera.mt\\\/mt\\\/events\\\/kuncert-ta-muzika-sagra-2\\\/\"]}]},{\"@type\":\"ImageObject\",\"inLanguage\":\"mt-MT\",\"@id\":\"https:\\\/\\\/www.kottonera.mt\\\/mt\\\/events\\\/kuncert-ta-muzika-sagra-2\\\/#primaryimage\",\"url\":\"https:\\\/\\\/www.kottonera.mt\\\/wp-content\\\/uploads\\\/2022\\\/10\\\/1868-Kottonera-Sacred-Music-Concert-Design_FB-Post-and-Cover_v2_1421_FBPost_1.png\",\"contentUrl\":\"https:\\\/\\\/www.kottonera.mt\\\/wp-content\\\/uploads\\\/2022\\\/10\\\/1868-Kottonera-Sacred-Music-Concert-Design_FB-Post-and-Cover_v2_1421_FBPost_1.png\",\"width\":2501,\"height\":2501,\"caption\":\"Sacred Music Concert 2022 performance in Cottonera\"},{\"@type\":\"BreadcrumbList\",\"@id\":\"https:\\\/\\\/www.kottonera.mt\\\/mt\\\/events\\\/kuncert-ta-muzika-sagra-2\\\/#breadcrumb\",\"itemListElement\":[{\"@type\":\"ListItem\",\"position\":1,\"name\":\"Home\",\"item\":\"https:\\\/\\\/www.kottonera.mt\\\/mt\\\/\"},{\"@type\":\"ListItem\",\"position\":2,\"name\":\"Events\",\"item\":\"https:\\\/\\\/www.kottonera.mt\\\/mt\\\/events\\\/\"},{\"@type\":\"ListItem\",\"position\":3,\"name\":\"Kun\u010bert ta\u2019 Mu\u017cika Sagra 2022\"}]},{\"@type\":\"WebSite\",\"@id\":\"https:\\\/\\\/www.kottonera.mt\\\/mt\\\/#website\",\"url\":\"https:\\\/\\\/www.kottonera.mt\\\/mt\\\/\",\"name\":\"Fondazzjoni Kottonera\",\"description\":\"\",\"publisher\":{\"@id\":\"https:\\\/\\\/www.kottonera.mt\\\/mt\\\/#organization\"},\"potentialAction\":[{\"@type\":\"SearchAction\",\"target\":{\"@type\":\"EntryPoint\",\"urlTemplate\":\"https:\\\/\\\/www.kottonera.mt\\\/mt\\\/?s={search_term_string}\"},\"query-input\":{\"@type\":\"PropertyValueSpecification\",\"valueRequired\":true,\"valueName\":\"search_term_string\"}}],\"inLanguage\":\"mt-MT\"},{\"@type\":\"Organization\",\"@id\":\"https:\\\/\\\/www.kottonera.mt\\\/mt\\\/#organization\",\"name\":\"Fondazzjoni Kottonera\",\"url\":\"https:\\\/\\\/www.kottonera.mt\\\/mt\\\/\",\"logo\":{\"@type\":\"ImageObject\",\"inLanguage\":\"mt-MT\",\"@id\":\"https:\\\/\\\/www.kottonera.mt\\\/mt\\\/#\\\/schema\\\/logo\\\/image\\\/\",\"url\":\"https:\\\/\\\/www.kottonera.mt\\\/wp-content\\\/uploads\\\/2021\\\/12\\\/Kottonera-Foundation-logo-mt.png\",\"contentUrl\":\"https:\\\/\\\/www.kottonera.mt\\\/wp-content\\\/uploads\\\/2021\\\/12\\\/Kottonera-Foundation-logo-mt.png\",\"width\":800,\"height\":392,\"caption\":\"Fondazzjoni Kottonera\"},\"image\":{\"@id\":\"https:\\\/\\\/www.kottonera.mt\\\/mt\\\/#\\\/schema\\\/logo\\\/image\\\/\"}}]}<\/script>\n<!-- \/ Yoast SEO plugin. -->","yoast_head_json":{"title":"Kun\u010bert ta\u2019 Mu\u017cika Sagra 2022 - Fondazzjoni Kottonera","robots":{"index":"index","follow":"follow","max-snippet":"max-snippet:-1","max-image-preview":"max-image-preview:large","max-video-preview":"max-video-preview:-1"},"canonical":"https:\/\/www.kottonera.mt\/mt\/events\/kuncert-ta-muzika-sagra-2\/","og_locale":"mt_MT","og_type":"article","og_title":"Kun\u010bert ta\u2019 Mu\u017cika Sagra 2022 - Fondazzjoni Kottonera","og_description":"B\u0127ala parti mi\u010b-\u010belebrazzjonijiet ta\u2019 Jum il-Kottonera, il-Fondazzjoni Kottonera se ter\u0121a\u2019 torganizza Kun\u010bert ta\u2019 Mu\u017cika Sagra. Il-Kun\u010bert ta\u2019 Mu\u017cika Sagra ser jittella\u2019 il-\u0120img\u0127a 21 ta\u2019 Ottubru fis-7.30pm, \u0121ewwa l-Knisja Matri\u010bi Konventwali u Kolle\u0121jata Insinji ta\u2019 San Lawrenz\u00a0 L.M. tal-Belt Vittoriosa. Dan il-kun\u010bert se jkun immexxi mid-direttur tal-orkestra, is-surmast Ray Sciberras. Il-mu\u017cika sagra li ser ti\u0121i e\u017cegwita [&hellip;]","og_url":"https:\/\/www.kottonera.mt\/mt\/events\/kuncert-ta-muzika-sagra-2\/","og_site_name":"Fondazzjoni Kottonera","article_modified_time":"2022-10-04T08:22:54+00:00","og_image":[{"width":1024,"height":1024,"url":"https:\/\/www.kottonera.mt\/wp-content\/uploads\/2022\/10\/1868-Kottonera-Sacred-Music-Concert-Design_FB-Post-and-Cover_v2_1421_FBPost_1-1024x1024.png","type":"image\/png"}],"twitter_card":"summary_large_image","twitter_misc":{"Est. reading time":"1 minute"},"schema":{"@context":"https:\/\/schema.org","@graph":[{"@type":"WebPage","@id":"https:\/\/www.kottonera.mt\/mt\/events\/kuncert-ta-muzika-sagra-2\/","url":"https:\/\/www.kottonera.mt\/mt\/events\/kuncert-ta-muzika-sagra-2\/","name":"Kun\u010bert ta\u2019 Mu\u017cika Sagra 2022 - Fondazzjoni Kottonera","isPartOf":{"@id":"https:\/\/www.kottonera.mt\/mt\/#website"},"primaryImageOfPage":{"@id":"https:\/\/www.kottonera.mt\/mt\/events\/kuncert-ta-muzika-sagra-2\/#primaryimage"},"image":{"@id":"https:\/\/www.kottonera.mt\/mt\/events\/kuncert-ta-muzika-sagra-2\/#primaryimage"},"thumbnailUrl":"https:\/\/www.kottonera.mt\/wp-content\/uploads\/2022\/10\/1868-Kottonera-Sacred-Music-Concert-Design_FB-Post-and-Cover_v2_1421_FBPost_1.png","datePublished":"2022-10-04T08:22:07+00:00","dateModified":"2022-10-04T08:22:54+00:00","breadcrumb":{"@id":"https:\/\/www.kottonera.mt\/mt\/events\/kuncert-ta-muzika-sagra-2\/#breadcrumb"},"inLanguage":"mt-MT","potentialAction":[{"@type":"ReadAction","target":["https:\/\/www.kottonera.mt\/mt\/events\/kuncert-ta-muzika-sagra-2\/"]}]},{"@type":"ImageObject","inLanguage":"mt-MT","@id":"https:\/\/www.kottonera.mt\/mt\/events\/kuncert-ta-muzika-sagra-2\/#primaryimage","url":"https:\/\/www.kottonera.mt\/wp-content\/uploads\/2022\/10\/1868-Kottonera-Sacred-Music-Concert-Design_FB-Post-and-Cover_v2_1421_FBPost_1.png","contentUrl":"https:\/\/www.kottonera.mt\/wp-content\/uploads\/2022\/10\/1868-Kottonera-Sacred-Music-Concert-Design_FB-Post-and-Cover_v2_1421_FBPost_1.png","width":2501,"height":2501,"caption":"Sacred Music Concert 2022 performance in Cottonera"},{"@type":"BreadcrumbList","@id":"https:\/\/www.kottonera.mt\/mt\/events\/kuncert-ta-muzika-sagra-2\/#breadcrumb","itemListElement":[{"@type":"ListItem","position":1,"name":"Home","item":"https:\/\/www.kottonera.mt\/mt\/"},{"@type":"ListItem","position":2,"name":"Events","item":"https:\/\/www.kottonera.mt\/mt\/events\/"},{"@type":"ListItem","position":3,"name":"Kun\u010bert ta\u2019 Mu\u017cika Sagra 2022"}]},{"@type":"WebSite","@id":"https:\/\/www.kottonera.mt\/mt\/#website","url":"https:\/\/www.kottonera.mt\/mt\/","name":"Fondazzjoni Kottonera","description":"","publisher":{"@id":"https:\/\/www.kottonera.mt\/mt\/#organization"},"potentialAction":[{"@type":"SearchAction","target":{"@type":"EntryPoint","urlTemplate":"https:\/\/www.kottonera.mt\/mt\/?s={search_term_string}"},"query-input":{"@type":"PropertyValueSpecification","valueRequired":true,"valueName":"search_term_string"}}],"inLanguage":"mt-MT"},{"@type":"Organization","@id":"https:\/\/www.kottonera.mt\/mt\/#organization","name":"Fondazzjoni Kottonera","url":"https:\/\/www.kottonera.mt\/mt\/","logo":{"@type":"ImageObject","inLanguage":"mt-MT","@id":"https:\/\/www.kottonera.mt\/mt\/#\/schema\/logo\/image\/","url":"https:\/\/www.kottonera.mt\/wp-content\/uploads\/2021\/12\/Kottonera-Foundation-logo-mt.png","contentUrl":"https:\/\/www.kottonera.mt\/wp-content\/uploads\/2021\/12\/Kottonera-Foundation-logo-mt.png","width":800,"height":392,"caption":"Fondazzjoni Kottonera"},"image":{"@id":"https:\/\/www.kottonera.mt\/mt\/#\/schema\/logo\/image\/"}}]}},"_links":{"self":[{"href":"https:\/\/www.kottonera.mt\/mt\/wp-json\/wp\/v2\/mec-events\/863","targetHints":{"allow":["GET"]}}],"collection":[{"href":"https:\/\/www.kottonera.mt\/mt\/wp-json\/wp\/v2\/mec-events"}],"about":[{"href":"https:\/\/www.kottonera.mt\/mt\/wp-json\/wp\/v2\/types\/mec-events"}],"author":[{"embeddable":true,"href":"https:\/\/www.kottonera.mt\/mt\/wp-json\/wp\/v2\/users\/2"}],"version-history":[{"count":0,"href":"https:\/\/www.kottonera.mt\/mt\/wp-json\/wp\/v2\/mec-events\/863\/revisions"}],"wp:featuredmedia":[{"embeddable":true,"href":"https:\/\/www.kottonera.mt\/mt\/wp-json\/wp\/v2\/media\/861"}],"wp:attachment":[{"href":"https:\/\/www.kottonera.mt\/mt\/wp-json\/wp\/v2\/media?parent=863"}],"wp:term":[{"taxonomy":"post_tag","embeddable":true,"href":"https:\/\/www.kottonera.mt\/mt\/wp-json\/wp\/v2\/tags?post=863"},{"taxonomy":"mec_category","embeddable":true,"href":"https:\/\/www.kottonera.mt\/mt\/wp-json\/wp\/v2\/mec_category?post=863"}],"curies":[{"name":"wp","href":"https:\/\/api.w.org\/{rel}","templated":true}]}}