{"id":1244,"date":"2025-12-02T11:37:06","date_gmt":"2025-12-02T10:37:06","guid":{"rendered":"https:\/\/www.kottonera.mt\/?post_type=mec-events&#038;p=1244"},"modified":"2025-12-05T09:34:57","modified_gmt":"2025-12-05T08:34:57","slug":"purcissjonijiet-tal-milied-fil-kottonera","status":"publish","type":"mec-events","link":"https:\/\/www.kottonera.mt\/mt\/events\/purcissjonijiet-tal-milied-fil-kottonera\/","title":{"rendered":"Pur\u010bissjonijiet bil-Bambin fil-\u0120img\u0127a tal-Milied, fil-Kottonera"},"content":{"rendered":"<h1><strong>IL-BIRGU<\/strong><\/h1>\n<h2><span style=\"text-decoration: underline;\">SAN DUMINKU<\/span><\/h2>\n<p><strong>Data u \u0127in:<\/strong> 18 Di\u010bembru fil-5 PM<\/p>\n<p><strong>Akkumpanjata mill-<\/strong>G\u0127aqda Filarmonika Prince of Wales Own tal-Birgu<\/p>\n<p><strong>Rotta:<\/strong><\/p>\n<ol>\n<li>Knisja ta&#8217; San Duminku<\/li>\n<li>Pjazza Vittoriosa<\/li>\n<li>Triq San Filippu<\/li>\n<li>Triq il-Palazz l-Antik tal-Gvernatur<\/li>\n<li>Pjazza Vittoriosa<\/li>\n<li>Triq il-Mina l-Kbira<\/li>\n<\/ol>\n<p>&nbsp;<\/p>\n<h2><span style=\"text-decoration: underline;\">SAN LAWRENZ<\/span><\/h2>\n<p><strong>Data u \u0127in:<\/strong> 24 Di\u010bembru fis-5:45 PM<\/p>\n<p><strong>Akkumpanjata mis-<\/strong>So\u010bjet\u00e0 Mu\u017cikali San Lawrenz tal-Birgu<\/p>\n<p><strong>Rotta:<\/strong><\/p>\n<ol>\n<li>Triq i\u010b-\u010aentinarju tal-Parro\u010b\u010ba<\/li>\n<li>Triq il-Palazz l-Antik tal-Gvernatur<\/li>\n<li>Triq La Vallette<\/li>\n<li>Triq Santa Skolastika<\/li>\n<li>Pjazza Vittoriosa<\/li>\n<li>Triq Nestu Laiviera<\/li>\n<li>Triq i\u010b-\u010aentinarju tal-Parro\u010b\u010ba<\/li>\n<\/ol>\n<p>&nbsp;<\/p>\n<h1><strong>BORMLA<\/strong><\/h1>\n<p><strong>Data u \u0127in:<\/strong> 22 Di\u010bembru fis-6 PM<\/p>\n<p><strong>Akkumpanjata mill-<\/strong>Banda San \u0120or\u0121 ta\u2019 Bormla<\/p>\n<p><strong>Rotta:<\/strong><\/p>\n<ol>\n<li>\u010aentru Sagra Familja, Triq Wi\u0121i Rosato<\/li>\n<li>Triq San Fran\u0121isk<\/li>\n<li>Triq fuq San Pawl<\/li>\n<li>Triq l-Inkurunazzjoni<\/li>\n<li>Triq il-Pellegrina\u0121\u0121<\/li>\n<li>Triq l-Oratorju<\/li>\n<li>Triq San \u0120or\u0121<\/li>\n<li>Triq Verdala<\/li>\n<\/ol>\n<p>&nbsp;<\/p>\n<h1><strong>L-ISLA<\/strong><\/h1>\n<p><strong>Data u \u0127in:<\/strong> 23 Di\u010bembru fil-5:30 PM<\/p>\n<p><strong>Akkumpanjata mis-<\/strong>So\u010bjet\u00e0 Filarmonika La Vincitrice tal-Isla<\/p>\n<p><strong>Rotta:<\/strong><\/p>\n<ol>\n<li>MUSEUM (tas-subien), Triq il-Vitorja<\/li>\n<li>Knisja ta&#8217; Portu Salvu<\/li>\n<li>Triq i\u017c-\u017bew\u0121 Mini<\/li>\n<li>Triq is-Sur<\/li>\n<li>Triq il-Ponta<\/li>\n<li>Triq San Mikiel<\/li>\n<li>Triq il-Vitorja<\/li>\n<li>Triq il-Kun\u010bizzjoni<\/li>\n<li>Triq il-Mi\u0121ja tal-Papa<\/li>\n<li>Triq San \u0120u\u017cepp<\/li>\n<li>Triq il-\u0126abs l-Antik<\/li>\n<li>Triq l-Isqof Mattei<\/li>\n<li>Pjazza Benedittu XV<\/li>\n<li>Ba\u017cilika ta&#8217; Marija Bambina<\/li>\n<\/ol>\n<p>&nbsp;<\/p>\n<h1><strong>IL-KALKARA<\/strong><\/h1>\n<p><strong>Data u \u0127in:<\/strong> 24 Di\u010bembru fil-5:30 PM<\/p>\n<p><strong>Akkumpanjata mill-<\/strong>G\u0127aqda Mu\u017cikali San \u0120u\u017cepp <strong>u \u010b-<\/strong>Circolo San Giuseppe Filarmonika Sagra Familja tal-Kalkara<\/p>\n<p><strong>Rotta:<\/strong><\/p>\n<ol>\n<li>Triq il-Kapu\u010b\u010bini<\/li>\n<li>Misra\u0127 Ar\u010bisqof Gonzi<\/li>\n<li>Ix-Xatt<\/li>\n<li>Misra\u0127 Ar\u010bisqof Gonzi<\/li>\n<li>Knisja ta&#8217; San \u0120u\u017cepp<\/li>\n<li>Triq Rinella<\/li>\n<li>Triq Patist Borda<\/li>\n<li>Triq is-Salvatur<\/li>\n<li>Triq Rinella<\/li>\n<li>Triq is-Sienja<\/li>\n<li>Triq An\u0121lu Agius<\/li>\n<li>Triq \u0120anni Raimondo<\/li>\n<li>Triq San Lawrenz<\/li>\n<li>MUSEUM, Triq il-Kapu\u010b\u010bini<\/li>\n<\/ol>\n","protected":false},"excerpt":{"rendered":"<p>IL-BIRGU SAN DUMINKU Data u \u0127in: 18 Di\u010bembru fil-5 PM Akkumpanjata mill-G\u0127aqda Filarmonika Prince of Wales Own tal-Birgu Rotta: Knisja ta&#8217; San Duminku Pjazza Vittoriosa Triq San Filippu Triq il-Palazz l-Antik tal-Gvernatur Pjazza Vittoriosa Triq il-Mina l-Kbira &nbsp; SAN LAWRENZ Data u \u0127in: 24 Di\u010bembru fis-5:45 PM Akkumpanjata mis-So\u010bjet\u00e0 Mu\u017cikali San Lawrenz tal-Birgu Rotta: Triq [&hellip;]<\/p>\n","protected":false},"author":7,"featured_media":1245,"template":"","tags":[],"mec_category":[],"class_list":["post-1244","mec-events","type-mec-events","status-publish","has-post-thumbnail","hentry"],"acf":[],"yoast_head":"<!-- This site is optimized with the Yoast SEO plugin v27.5 - https:\/\/yoast.com\/product\/yoast-seo-wordpress\/ -->\n<title>Pur\u010bissjonijiet bil-Bambin fil-\u0120img\u0127a tal-Milied, fil-Kottonera - Fondazzjoni Kottonera<\/title>\n<meta name=\"robots\" content=\"index, follow, max-snippet:-1, max-image-preview:large, max-video-preview:-1\" \/>\n<link rel=\"canonical\" href=\"https:\/\/www.kottonera.mt\/mt\/events\/purcissjonijiet-tal-milied-fil-kottonera\/\" \/>\n<meta property=\"og:locale\" content=\"mt_MT\" \/>\n<meta property=\"og:type\" content=\"article\" \/>\n<meta property=\"og:title\" content=\"Pur\u010bissjonijiet bil-Bambin fil-\u0120img\u0127a tal-Milied, fil-Kottonera - Fondazzjoni Kottonera\" \/>\n<meta property=\"og:description\" content=\"IL-BIRGU SAN DUMINKU Data u \u0127in: 18 Di\u010bembru fil-5 PM Akkumpanjata mill-G\u0127aqda Filarmonika Prince of Wales Own tal-Birgu Rotta: Knisja ta&#8217; San Duminku Pjazza Vittoriosa Triq San Filippu Triq il-Palazz l-Antik tal-Gvernatur Pjazza Vittoriosa Triq il-Mina l-Kbira &nbsp; SAN LAWRENZ Data u \u0127in: 24 Di\u010bembru fis-5:45 PM Akkumpanjata mis-So\u010bjet\u00e0 Mu\u017cikali San Lawrenz tal-Birgu Rotta: Triq [&hellip;]\" \/>\n<meta property=\"og:url\" content=\"https:\/\/www.kottonera.mt\/mt\/events\/purcissjonijiet-tal-milied-fil-kottonera\/\" \/>\n<meta property=\"og:site_name\" content=\"Fondazzjoni Kottonera\" \/>\n<meta property=\"article:modified_time\" content=\"2025-12-05T08:34:57+00:00\" \/>\n<meta property=\"og:image\" content=\"https:\/\/www.kottonera.mt\/wp-content\/uploads\/2025\/12\/Kottonera-Purcissionijet-Poster-2-1.png\" \/>\n\t<meta property=\"og:image:width\" content=\"1\" \/>\n\t<meta property=\"og:image:height\" content=\"1\" \/>\n\t<meta property=\"og:image:type\" content=\"image\/png\" \/>\n<meta name=\"twitter:card\" content=\"summary_large_image\" \/>\n<meta name=\"twitter:label1\" content=\"Est. reading time\" \/>\n\t<meta name=\"twitter:data1\" content=\"2 minutes\" \/>\n<script type=\"application\/ld+json\" class=\"yoast-schema-graph\">{\"@context\":\"https:\\\/\\\/schema.org\",\"@graph\":[{\"@type\":\"WebPage\",\"@id\":\"https:\\\/\\\/www.kottonera.mt\\\/mt\\\/events\\\/purcissjonijiet-tal-milied-fil-kottonera\\\/\",\"url\":\"https:\\\/\\\/www.kottonera.mt\\\/mt\\\/events\\\/purcissjonijiet-tal-milied-fil-kottonera\\\/\",\"name\":\"Pur\u010bissjonijiet bil-Bambin fil-\u0120img\u0127a tal-Milied, fil-Kottonera - Fondazzjoni Kottonera\",\"isPartOf\":{\"@id\":\"https:\\\/\\\/www.kottonera.mt\\\/mt\\\/#website\"},\"primaryImageOfPage\":{\"@id\":\"https:\\\/\\\/www.kottonera.mt\\\/mt\\\/events\\\/purcissjonijiet-tal-milied-fil-kottonera\\\/#primaryimage\"},\"image\":{\"@id\":\"https:\\\/\\\/www.kottonera.mt\\\/mt\\\/events\\\/purcissjonijiet-tal-milied-fil-kottonera\\\/#primaryimage\"},\"thumbnailUrl\":\"https:\\\/\\\/www.kottonera.mt\\\/wp-content\\\/uploads\\\/2025\\\/12\\\/Kottonera-Purcissionijet-Poster-2-1.png\",\"datePublished\":\"2025-12-02T10:37:06+00:00\",\"dateModified\":\"2025-12-05T08:34:57+00:00\",\"breadcrumb\":{\"@id\":\"https:\\\/\\\/www.kottonera.mt\\\/mt\\\/events\\\/purcissjonijiet-tal-milied-fil-kottonera\\\/#breadcrumb\"},\"inLanguage\":\"mt-MT\",\"potentialAction\":[{\"@type\":\"ReadAction\",\"target\":[\"https:\\\/\\\/www.kottonera.mt\\\/mt\\\/events\\\/purcissjonijiet-tal-milied-fil-kottonera\\\/\"]}]},{\"@type\":\"ImageObject\",\"inLanguage\":\"mt-MT\",\"@id\":\"https:\\\/\\\/www.kottonera.mt\\\/mt\\\/events\\\/purcissjonijiet-tal-milied-fil-kottonera\\\/#primaryimage\",\"url\":\"https:\\\/\\\/www.kottonera.mt\\\/wp-content\\\/uploads\\\/2025\\\/12\\\/Kottonera-Purcissionijet-Poster-2-1.png\",\"contentUrl\":\"https:\\\/\\\/www.kottonera.mt\\\/wp-content\\\/uploads\\\/2025\\\/12\\\/Kottonera-Purcissionijet-Poster-2-1.png\",\"caption\":\"Christmas Week Processions with the Christ Child in Kottonera\"},{\"@type\":\"BreadcrumbList\",\"@id\":\"https:\\\/\\\/www.kottonera.mt\\\/mt\\\/events\\\/purcissjonijiet-tal-milied-fil-kottonera\\\/#breadcrumb\",\"itemListElement\":[{\"@type\":\"ListItem\",\"position\":1,\"name\":\"Home\",\"item\":\"https:\\\/\\\/www.kottonera.mt\\\/mt\\\/\"},{\"@type\":\"ListItem\",\"position\":2,\"name\":\"Events\",\"item\":\"https:\\\/\\\/www.kottonera.mt\\\/mt\\\/events\\\/\"},{\"@type\":\"ListItem\",\"position\":3,\"name\":\"Pur\u010bissjonijiet bil-Bambin fil-\u0120img\u0127a tal-Milied, fil-Kottonera\"}]},{\"@type\":\"WebSite\",\"@id\":\"https:\\\/\\\/www.kottonera.mt\\\/mt\\\/#website\",\"url\":\"https:\\\/\\\/www.kottonera.mt\\\/mt\\\/\",\"name\":\"Fondazzjoni Kottonera\",\"description\":\"\",\"publisher\":{\"@id\":\"https:\\\/\\\/www.kottonera.mt\\\/mt\\\/#organization\"},\"potentialAction\":[{\"@type\":\"SearchAction\",\"target\":{\"@type\":\"EntryPoint\",\"urlTemplate\":\"https:\\\/\\\/www.kottonera.mt\\\/mt\\\/?s={search_term_string}\"},\"query-input\":{\"@type\":\"PropertyValueSpecification\",\"valueRequired\":true,\"valueName\":\"search_term_string\"}}],\"inLanguage\":\"mt-MT\"},{\"@type\":\"Organization\",\"@id\":\"https:\\\/\\\/www.kottonera.mt\\\/mt\\\/#organization\",\"name\":\"Fondazzjoni Kottonera\",\"url\":\"https:\\\/\\\/www.kottonera.mt\\\/mt\\\/\",\"logo\":{\"@type\":\"ImageObject\",\"inLanguage\":\"mt-MT\",\"@id\":\"https:\\\/\\\/www.kottonera.mt\\\/mt\\\/#\\\/schema\\\/logo\\\/image\\\/\",\"url\":\"https:\\\/\\\/www.kottonera.mt\\\/wp-content\\\/uploads\\\/2021\\\/12\\\/Kottonera-Foundation-logo-mt.png\",\"contentUrl\":\"https:\\\/\\\/www.kottonera.mt\\\/wp-content\\\/uploads\\\/2021\\\/12\\\/Kottonera-Foundation-logo-mt.png\",\"width\":800,\"height\":392,\"caption\":\"Fondazzjoni Kottonera\"},\"image\":{\"@id\":\"https:\\\/\\\/www.kottonera.mt\\\/mt\\\/#\\\/schema\\\/logo\\\/image\\\/\"}}]}<\/script>\n<!-- \/ Yoast SEO plugin. -->","yoast_head_json":{"title":"Pur\u010bissjonijiet bil-Bambin fil-\u0120img\u0127a tal-Milied, fil-Kottonera - Fondazzjoni Kottonera","robots":{"index":"index","follow":"follow","max-snippet":"max-snippet:-1","max-image-preview":"max-image-preview:large","max-video-preview":"max-video-preview:-1"},"canonical":"https:\/\/www.kottonera.mt\/mt\/events\/purcissjonijiet-tal-milied-fil-kottonera\/","og_locale":"mt_MT","og_type":"article","og_title":"Pur\u010bissjonijiet bil-Bambin fil-\u0120img\u0127a tal-Milied, fil-Kottonera - Fondazzjoni Kottonera","og_description":"IL-BIRGU SAN DUMINKU Data u \u0127in: 18 Di\u010bembru fil-5 PM Akkumpanjata mill-G\u0127aqda Filarmonika Prince of Wales Own tal-Birgu Rotta: Knisja ta&#8217; San Duminku Pjazza Vittoriosa Triq San Filippu Triq il-Palazz l-Antik tal-Gvernatur Pjazza Vittoriosa Triq il-Mina l-Kbira &nbsp; SAN LAWRENZ Data u \u0127in: 24 Di\u010bembru fis-5:45 PM Akkumpanjata mis-So\u010bjet\u00e0 Mu\u017cikali San Lawrenz tal-Birgu Rotta: Triq [&hellip;]","og_url":"https:\/\/www.kottonera.mt\/mt\/events\/purcissjonijiet-tal-milied-fil-kottonera\/","og_site_name":"Fondazzjoni Kottonera","article_modified_time":"2025-12-05T08:34:57+00:00","og_image":[{"url":"https:\/\/www.kottonera.mt\/wp-content\/uploads\/2025\/12\/Kottonera-Purcissionijet-Poster-2-1.png","width":1,"height":1,"type":"image\/png"}],"twitter_card":"summary_large_image","twitter_misc":{"Est. reading time":"2 minutes"},"schema":{"@context":"https:\/\/schema.org","@graph":[{"@type":"WebPage","@id":"https:\/\/www.kottonera.mt\/mt\/events\/purcissjonijiet-tal-milied-fil-kottonera\/","url":"https:\/\/www.kottonera.mt\/mt\/events\/purcissjonijiet-tal-milied-fil-kottonera\/","name":"Pur\u010bissjonijiet bil-Bambin fil-\u0120img\u0127a tal-Milied, fil-Kottonera - Fondazzjoni Kottonera","isPartOf":{"@id":"https:\/\/www.kottonera.mt\/mt\/#website"},"primaryImageOfPage":{"@id":"https:\/\/www.kottonera.mt\/mt\/events\/purcissjonijiet-tal-milied-fil-kottonera\/#primaryimage"},"image":{"@id":"https:\/\/www.kottonera.mt\/mt\/events\/purcissjonijiet-tal-milied-fil-kottonera\/#primaryimage"},"thumbnailUrl":"https:\/\/www.kottonera.mt\/wp-content\/uploads\/2025\/12\/Kottonera-Purcissionijet-Poster-2-1.png","datePublished":"2025-12-02T10:37:06+00:00","dateModified":"2025-12-05T08:34:57+00:00","breadcrumb":{"@id":"https:\/\/www.kottonera.mt\/mt\/events\/purcissjonijiet-tal-milied-fil-kottonera\/#breadcrumb"},"inLanguage":"mt-MT","potentialAction":[{"@type":"ReadAction","target":["https:\/\/www.kottonera.mt\/mt\/events\/purcissjonijiet-tal-milied-fil-kottonera\/"]}]},{"@type":"ImageObject","inLanguage":"mt-MT","@id":"https:\/\/www.kottonera.mt\/mt\/events\/purcissjonijiet-tal-milied-fil-kottonera\/#primaryimage","url":"https:\/\/www.kottonera.mt\/wp-content\/uploads\/2025\/12\/Kottonera-Purcissionijet-Poster-2-1.png","contentUrl":"https:\/\/www.kottonera.mt\/wp-content\/uploads\/2025\/12\/Kottonera-Purcissionijet-Poster-2-1.png","caption":"Christmas Week Processions with the Christ Child in Kottonera"},{"@type":"BreadcrumbList","@id":"https:\/\/www.kottonera.mt\/mt\/events\/purcissjonijiet-tal-milied-fil-kottonera\/#breadcrumb","itemListElement":[{"@type":"ListItem","position":1,"name":"Home","item":"https:\/\/www.kottonera.mt\/mt\/"},{"@type":"ListItem","position":2,"name":"Events","item":"https:\/\/www.kottonera.mt\/mt\/events\/"},{"@type":"ListItem","position":3,"name":"Pur\u010bissjonijiet bil-Bambin fil-\u0120img\u0127a tal-Milied, fil-Kottonera"}]},{"@type":"WebSite","@id":"https:\/\/www.kottonera.mt\/mt\/#website","url":"https:\/\/www.kottonera.mt\/mt\/","name":"Fondazzjoni Kottonera","description":"","publisher":{"@id":"https:\/\/www.kottonera.mt\/mt\/#organization"},"potentialAction":[{"@type":"SearchAction","target":{"@type":"EntryPoint","urlTemplate":"https:\/\/www.kottonera.mt\/mt\/?s={search_term_string}"},"query-input":{"@type":"PropertyValueSpecification","valueRequired":true,"valueName":"search_term_string"}}],"inLanguage":"mt-MT"},{"@type":"Organization","@id":"https:\/\/www.kottonera.mt\/mt\/#organization","name":"Fondazzjoni Kottonera","url":"https:\/\/www.kottonera.mt\/mt\/","logo":{"@type":"ImageObject","inLanguage":"mt-MT","@id":"https:\/\/www.kottonera.mt\/mt\/#\/schema\/logo\/image\/","url":"https:\/\/www.kottonera.mt\/wp-content\/uploads\/2021\/12\/Kottonera-Foundation-logo-mt.png","contentUrl":"https:\/\/www.kottonera.mt\/wp-content\/uploads\/2021\/12\/Kottonera-Foundation-logo-mt.png","width":800,"height":392,"caption":"Fondazzjoni Kottonera"},"image":{"@id":"https:\/\/www.kottonera.mt\/mt\/#\/schema\/logo\/image\/"}}]}},"_links":{"self":[{"href":"https:\/\/www.kottonera.mt\/mt\/wp-json\/wp\/v2\/mec-events\/1244","targetHints":{"allow":["GET"]}}],"collection":[{"href":"https:\/\/www.kottonera.mt\/mt\/wp-json\/wp\/v2\/mec-events"}],"about":[{"href":"https:\/\/www.kottonera.mt\/mt\/wp-json\/wp\/v2\/types\/mec-events"}],"author":[{"embeddable":true,"href":"https:\/\/www.kottonera.mt\/mt\/wp-json\/wp\/v2\/users\/7"}],"version-history":[{"count":0,"href":"https:\/\/www.kottonera.mt\/mt\/wp-json\/wp\/v2\/mec-events\/1244\/revisions"}],"wp:featuredmedia":[{"embeddable":true,"href":"https:\/\/www.kottonera.mt\/mt\/wp-json\/wp\/v2\/media\/1245"}],"wp:attachment":[{"href":"https:\/\/www.kottonera.mt\/mt\/wp-json\/wp\/v2\/media?parent=1244"}],"wp:term":[{"taxonomy":"post_tag","embeddable":true,"href":"https:\/\/www.kottonera.mt\/mt\/wp-json\/wp\/v2\/tags?post=1244"},{"taxonomy":"mec_category","embeddable":true,"href":"https:\/\/www.kottonera.mt\/mt\/wp-json\/wp\/v2\/mec_category?post=1244"}],"curies":[{"name":"wp","href":"https:\/\/api.w.org\/{rel}","templated":true}]}}